{"id":1009,"date":"2022-07-13T00:05:52","date_gmt":"2022-07-12T22:05:52","guid":{"rendered":"http:\/\/www.d\u00f6rpverein-mhg.de\/?page_id=1009"},"modified":"2026-08-27T09:59:47","modified_gmt":"2026-08-27T07:59:47","slug":"dreschfest","status":"publish","type":"page","link":"http:\/\/www.d\u00f6rpverein-mhg.de\/?page_id=1009","title":{"rendered":"Dreschfest"},"content":{"rendered":"<p>[et_pb_section fb_built=&#8220;1&#8243; fullwidth=&#8220;on&#8220; admin_label=&#8220;Header Section&#8220; _builder_version=&#8220;4.16&#8243; background_color=&#8220;#f1f7e6&#8243; custom_margin=&#8220;|||&#8220; custom_padding=&#8220;|||&#8220; bottom_divider_color=&#8220;rgba(0,0,0,0)&#8220; border_color_all=&#8220;rgba(0,0,0,0)&#8220; global_colors_info=&#8220;{}&#8220;][et_pb_fullwidth_header text_orientation=&#8220;center&#8220; image_orientation=&#8220;bottom&#8220; content_max_width_tablet=&#8220;&#8220; content_max_width_phone=&#8220;&#8220; content_max_width_last_edited=&#8220;on|desktop&#8220; _builder_version=&#8220;4.16&#8243; title_font=&#8220;Lora|700|||||||&#8220; title_text_color=&#8220;#f1f7e6&#8243; title_font_size=&#8220;53px&#8220; title_line_height=&#8220;2em&#8220; content_font=&#8220;Lora||||||||&#8220; content_font_size=&#8220;22px&#8220; content_line_height=&#8220;2em&#8220; subhead_font=&#8220;Lora|700|||||||&#8220; subhead_text_color=&#8220;#f1f7e6&#8243; subhead_font_size=&#8220;44px&#8220; subhead_line_height=&#8220;1.6em&#8220; background_color=&#8220;rgba(255,255,255,0)&#8220; background_image=&#8220;http:\/\/www.d\u00f6rpverein-mhg.de\/\/wp-content\/uploads\/2019\/05\/mh.jpg&#8220; parallax=&#8220;on&#8220; parallax_method=&#8220;on&#8220; custom_button_one=&#8220;on&#8220; button_one_text_size=&#8220;16px&#8220; button_one_text_color=&#8220;#ffffff&#8220; button_one_bg_color=&#8220;#d29f68&#8243; button_one_border_width=&#8220;15px&#8220; button_one_border_color=&#8220;rgba(210,159,104,0)&#8220; button_one_border_radius=&#8220;100px&#8220; button_one_letter_spacing=&#8220;3px&#8220; button_one_font=&#8220;Oswald|||on|||||&#8220; button_one_use_icon=&#8220;off&#8220; custom_button_two=&#8220;on&#8220; button_two_text_size=&#8220;16px&#8220; button_two_text_color=&#8220;#ffffff&#8220; button_two_bg_color=&#8220;rgba(255,255,255,0.35)&#8220; button_two_border_width=&#8220;15px&#8220; button_two_border_color=&#8220;rgba(0,0,0,0)&#8220; button_two_border_radius=&#8220;100px&#8220; button_two_letter_spacing=&#8220;3px&#8220; button_two_font=&#8220;Oswald|||on|||||&#8220; button_two_use_icon=&#8220;off&#8220; custom_margin=&#8220;|||&#8220; custom_padding=&#8220;225px||225px||true&#8220; animation_style=&#8220;fade&#8220; animation_duration=&#8220;2000ms&#8220; animation_speed_curve=&#8220;ease-out&#8220; subhead_font_size_tablet=&#8220;&#8220; subhead_font_size_phone=&#8220;50px&#8220; subhead_font_size_last_edited=&#8220;on|desktop&#8220; title_text_shadow_style=&#8220;preset5&#8243; title_text_shadow_color=&#8220;#000000&#8243; subhead_text_shadow_style=&#8220;preset5&#8243; border_color_all=&#8220;#ffffff&#8220; button_one_border_radius_hover=&#8220;100px&#8220; button_one_bg_color_hover=&#8220;#cc8d66&#8243; button_two_bg_color_hover=&#8220;#d29f68&#8243; global_colors_info=&#8220;{}&#8220; button_one_text_size__hover_enabled=&#8220;off&#8220; button_two_text_size__hover_enabled=&#8220;off&#8220; button_one_text_color__hover_enabled=&#8220;off&#8220; button_two_text_color__hover_enabled=&#8220;off&#8220; button_one_border_width__hover_enabled=&#8220;off&#8220; button_two_border_width__hover_enabled=&#8220;off&#8220; button_one_border_color__hover_enabled=&#8220;off&#8220; button_two_border_color__hover_enabled=&#8220;off&#8220; button_one_border_radius__hover_enabled=&#8220;on&#8220; button_one_border_radius__hover=&#8220;100px&#8220; button_two_border_radius__hover_enabled=&#8220;off&#8220; button_one_letter_spacing__hover_enabled=&#8220;off&#8220; button_two_letter_spacing__hover_enabled=&#8220;off&#8220; button_one_bg_color__hover_enabled=&#8220;on&#8220; button_one_bg_color__hover=&#8220;#cc8d66&#8243; button_two_bg_color__hover_enabled=&#8220;on&#8220; button_two_bg_color__hover=&#8220;#d29f68&#8243;][\/et_pb_fullwidth_header][\/et_pb_section][et_pb_section fb_built=&#8220;1&#8243; admin_label=&#8220;Free Consultation&#8220; _builder_version=&#8220;4.16&#8243; background_color=&#8220;#f1f7e6&#8243; custom_padding=&#8220;0px|0px||0px&#8220; global_colors_info=&#8220;{}&#8220;][et_pb_row _builder_version=&#8220;4.16&#8243; custom_padding=&#8220;|||&#8220; global_colors_info=&#8220;{}&#8220;][et_pb_column type=&#8220;4_4&#8243; _builder_version=&#8220;4.16&#8243; custom_padding=&#8220;|||&#8220; global_colors_info=&#8220;{}&#8220; custom_padding__hover=&#8220;|||&#8220;][et_pb_cta title=&#8220;Dreschfest am 01.08.2026&#8243; button_url=&#8220;#&#8220; _builder_version=&#8220;4.16&#8243; header_font=&#8220;Lora|700||on|||||&#8220; header_text_color=&#8220;#375729&#8243; header_font_size=&#8220;48px&#8220; header_letter_spacing=&#8220;2px&#8220; header_line_height=&#8220;2em&#8220; body_font=&#8220;Lora|||||on|||&#8220; body_text_color=&#8220;#375729&#8243; body_font_size=&#8220;43px&#8220; body_line_height=&#8220;1.4em&#8220; background_color=&#8220;#ffffff&#8220; width=&#8220;100%&#8220; max_width=&#8220;100%&#8220; custom_margin=&#8220;-100px|0px||0px||&#8220; custom_padding=&#8220;3%||0px|&#8220; animation_style=&#8220;slide&#8220; header_font_size_tablet=&#8220;&#8220; header_font_size_phone=&#8220;36px&#8220; header_font_size_last_edited=&#8220;on|desktop&#8220; border_radii=&#8220;on|20px|20px|20px|20px&#8220; box_shadow_style=&#8220;preset3&#8243; box_shadow_vertical=&#8220;15px&#8220; box_shadow_blur=&#8220;80px&#8220; box_shadow_color=&#8220;rgba(0,0,0,0.2)&#8220; button_border_radius_hover=&#8220;1px&#8220; locked=&#8220;off&#8220; global_colors_info=&#8220;{}&#8220; button_text_size__hover_enabled=&#8220;off&#8220; button_one_text_size__hover_enabled=&#8220;off&#8220; button_two_text_size__hover_enabled=&#8220;off&#8220; button_text_color__hover_enabled=&#8220;off&#8220; button_one_text_color__hover_enabled=&#8220;off&#8220; button_two_text_color__hover_enabled=&#8220;off&#8220; button_border_width__hover_enabled=&#8220;off&#8220; button_one_border_width__hover_enabled=&#8220;off&#8220; button_two_border_width__hover_enabled=&#8220;off&#8220; button_border_color__hover_enabled=&#8220;off&#8220; button_one_border_color__hover_enabled=&#8220;off&#8220; button_two_border_color__hover_enabled=&#8220;off&#8220; button_border_radius__hover_enabled=&#8220;on&#8220; button_border_radius__hover=&#8220;1px&#8220; button_one_border_radius__hover_enabled=&#8220;off&#8220; button_two_border_radius__hover_enabled=&#8220;off&#8220; button_letter_spacing__hover_enabled=&#8220;off&#8220; button_one_letter_spacing__hover_enabled=&#8220;off&#8220; button_two_letter_spacing__hover_enabled=&#8220;off&#8220; button_bg_color__hover_enabled=&#8220;off&#8220; button_one_bg_color__hover_enabled=&#8220;off&#8220; button_two_bg_color__hover_enabled=&#8220;off&#8220; transform_styles__hover_enabled=&#8220;on&#8220; transform_scale__hover_enabled=&#8220;on&#8220; transform_translate__hover_enabled=&#8220;on&#8220; transform_rotate__hover_enabled=&#8220;on&#8220; transform_skew__hover_enabled=&#8220;on&#8220; transform_origin__hover_enabled=&#8220;on&#8220; transform_scale__hover=&#8220;108%|108%&#8220;][\/et_pb_cta][\/et_pb_column][\/et_pb_row][et_pb_row _builder_version=&#8220;4.21.0&#8243; _module_preset=&#8220;default&#8220; global_colors_info=&#8220;{}&#8220;][et_pb_column type=&#8220;4_4&#8243; _builder_version=&#8220;4.21.0&#8243; _module_preset=&#8220;default&#8220; global_colors_info=&#8220;{}&#8220;][et_pb_image src=&#8220;http:\/\/www.d\u00f6rpverein-mhg.de\/wp-content\/uploads\/2026\/08\/Luftbild-Dreschfest-2026.jpg&#8220; _builder_version=&#8220;4.21.0&#8243; _module_preset=&#8220;default&#8220; box_shadow_style=&#8220;preset1&#8243; global_colors_info=&#8220;{}&#8220;][\/et_pb_image][\/et_pb_column][\/et_pb_row][et_pb_row _builder_version=&#8220;4.17.0&#8243; _module_preset=&#8220;default&#8220; global_colors_info=&#8220;{}&#8220;][et_pb_column type=&#8220;4_4&#8243; _builder_version=&#8220;4.17.0&#8243; _module_preset=&#8220;default&#8220; global_colors_info=&#8220;{}&#8220;][et_pb_text _builder_version=&#8220;4.16&#8243; text_font=&#8220;Lora||||||||&#8220; text_font_size=&#8220;18px&#8220; text_line_height=&#8220;1.8em&#8220; header_2_font=&#8220;Lora|700|||||||&#8220; header_2_font_size=&#8220;50px&#8220; header_2_line_height=&#8220;1.5em&#8220; header_5_font=&#8220;Oswald|||on|||||&#8220; header_5_text_color=&#8220;rgba(0,0,0,0.4)&#8220; header_5_font_size=&#8220;20px&#8220; header_5_letter_spacing=&#8220;3px&#8220; max_width_tablet=&#8220;&#8220; max_width_phone=&#8220;&#8220; max_width_last_edited=&#8220;on|phone&#8220; custom_margin_tablet=&#8220;|70px||70px&#8220; custom_margin_phone=&#8220;|50px||50px&#8220; custom_margin_last_edited=&#8220;off|desktop&#8220; text_line_height_last_edited=&#8220;off|desktop&#8220; global_colors_info=&#8220;{}&#8220;]<\/p>\n<p style=\"text-align: justify;\"><strong>Dreschfest in M\u00fcnchehagen begeistert viele Besucher mit Landwirtschaft zum Anfassen<\/strong><\/p>\n<p style=\"text-align: justify;\"><strong>M\u00fcnchehagen.<\/strong> Besser h\u00e4tten die Bedingungen kaum sein k\u00f6nnen: Bei strahlendem Sonnenschein und bestem Erntewetter lockte das Dreschfest der Dreschgemeinschaft M\u00fc-Lo am Samstag, 01.08. zahlreiche Besucher auf das Veranstaltungsgel\u00e4nde. Mit einem unerwartet gro\u00dfen Besucherandrang entwickelte sich die Veranstaltung zu einem vollen Erfolg und zeigte eindrucksvoll, wie lebendig Landwirtschaftsgeschichte vermittelt werden kann.<\/p>\n<p style=\"text-align: justify;\">Im Mittelpunkt des Dreschfestes stand die Entwicklung der Erntetechnik der vergangenen rund 75 Jahre. Die Besucher konnten den Wandel der Landwirtschaft hautnah erleben \u2013 von der m\u00fchevollen Handarbeit bis zur hochmodernen Landtechnik. Den Auftakt bildete die traditionelle Getreideernte mit der Sense. Anschlie\u00dfend folgten Vorf\u00fchrungen mit historischen Bindem\u00e4hern und der alten Dreschmaschine des M\u00f6nkeh\u00e4ger D\u00f6rpvereins, die eindrucksvoll zeigten, wie fr\u00fcher geerntet und gedroschen wurde.<\/p>\n<p style=\"text-align: justify;\">Den Abschluss der Erntevorf\u00fchrungen bildete ein moderner, GPS-gesteuerter M\u00e4hdrescher der Firma Fawer Agrar. Der direkte Vergleich zwischen historischer und heutiger Technik machte den enormen technischen Fortschritt in der Landwirtschaft besonders anschaulich.<\/p>\n<p style=\"text-align: justify;\">Im Anschluss wurde den G\u00e4sten pr\u00e4sentiert, wie sich auch die Verarbeitung des Strohs im Laufe der Jahrzehnte ver\u00e4ndert hat. In drei verschiedenen Epochen zeigten die Akteure eindrucksvoll, wie Stroh fr\u00fcher gepresst und vom Feld abtransportiert wurde und wie moderne Verfahren diese Arbeiten heute deutlich erleichtern.<\/p>\n<p style=\"text-align: justify;\">Auch f\u00fcr das leibliche Wohl war bestens gesorgt. Der Landwirtschaftliche Verein Loccum versorgte die Besucher mit Bratwurst und Pommes, w\u00e4hrend die Dorfjugend des M\u00f6nkeh\u00e4ger D\u00f6rpvereins die Getr\u00e4nke ausgab. Wer es lieber mediterran mochte, konnte sich bei Pizza Alex mit frisch gebackener, ofenfrischer Pizza st\u00e4rken. Einen wichtigen Beitrag leistete dabei auch die DLRG Rehburg-Loccum, die die Stromversorgung des Dreschfestes sicherstellte.<\/p>\n<p style=\"text-align: justify;\">Eine gro\u00dfe Strohburg lud die j\u00fcngsten Besucher zum Klettern, Toben und Spielen ein. Isabell Jokisch und ihr Team von \u201etierischgutdrauf\u201c sorgten mit ihrem Ponyreiten f\u00fcr viele strahlende Kinderaugen. Dar\u00fcber hinaus durften die kleinen G\u00e4ste bei ausgew\u00e4hlten Vorf\u00fchrungen sogar auf historischen Fahrzeugen mitfahren oder selbst aktiv bei den Erntearbeiten mithelfen.<\/p>\n<p style=\"text-align: justify;\">Das Dreschfest zeigte eindrucksvoll, wie sich Tradition, Technik und Gemeinschaft miteinander verbinden lassen. Die Dreschgemeinschaft M\u00fc-Lo konnte sich am Ende des Tages \u00fcber eine rundum gelungene Veranstaltung freuen, die nicht nur Landwirtschaftsgeschichte lebendig machte, sondern auch Menschen aller Generationen zusammenbrachte.<\/p>\n<p>[\/et_pb_text][et_pb_video src=&#8220;https:\/\/www.youtube.com\/watch?v=2SuMd5cqNII&#8220; _builder_version=&#8220;4.21.0&#8243; _module_preset=&#8220;default&#8220; width=&#8220;89%&#8220; hover_enabled=&#8220;0&#8243; box_shadow_style=&#8220;preset1&#8243; global_colors_info=&#8220;{}&#8220; sticky_enabled=&#8220;0&#8243;][\/et_pb_video][et_pb_image src=&#8220;http:\/\/www.d\u00f6rpverein-mhg.de\/wp-content\/uploads\/2026\/06\/Dreschfest-Flyer-2026.png&#8220; title_text=&#8220;Dreschfest Flyer 2026&#8243; align=&#8220;center&#8220; _builder_version=&#8220;4.21.0&#8243; _module_preset=&#8220;default&#8220; width=&#8220;50%&#8220; global_colors_info=&#8220;{}&#8220;][\/et_pb_image][et_pb_text _builder_version=&#8220;4.16&#8243; text_font=&#8220;Lora||||||||&#8220; text_font_size=&#8220;18px&#8220; text_line_height=&#8220;1.8em&#8220; header_2_font=&#8220;Lora|700|||||||&#8220; header_2_font_size=&#8220;50px&#8220; header_2_line_height=&#8220;1.5em&#8220; header_5_font=&#8220;Oswald|||on|||||&#8220; header_5_text_color=&#8220;rgba(0,0,0,0.4)&#8220; header_5_font_size=&#8220;20px&#8220; header_5_letter_spacing=&#8220;3px&#8220; max_width_tablet=&#8220;&#8220; max_width_phone=&#8220;&#8220; max_width_last_edited=&#8220;on|phone&#8220; custom_margin_tablet=&#8220;|70px||70px&#8220; custom_margin_phone=&#8220;|50px||50px&#8220; custom_margin_last_edited=&#8220;off|desktop&#8220; text_line_height_last_edited=&#8220;off|desktop&#8220; global_colors_info=&#8220;{}&#8220;]<\/p>\n<p style=\"text-align: justify;\">M\u00fcnchehagen. Am Samstag, den 1. August 2026, veranstaltet die Dreschgemeinschaft M\u00fc-Lo in der Feldmark von M\u00fcnchehagen ein gro\u00dfes Dreschfest f\u00fcr die ganze Familie. Unter dem Motto \u201eDie Korn-Ernte \u2013 von damals bis heute\u201c erwartet Besucherinnen und Besucher ab 11 Uhr ein abwechslungsreiches Programm rund um historische und moderne Landtechnik, Vorf\u00fchrungen sowie regionale Kulinarik. Im Mittelpunkt des Festes stehen eindrucksvolle Dreschvorf\u00fchrungen und die Entwicklung der Erntetechnik im Wandel der Zeit. Historische Maschinen lassen <br \/>vergangene Arbeitsweisen lebendig werden, w\u00e4hrend moderne Erntetechnik zeigt, wie Landwirtschaft heute funktioniert. Bereits vor vier Jahren hatte die Dreschgemeinschaft mit ihrer Veranstaltung eindrucksvoll demonstriert, wie sich die Erntearbeit von fr\u00fcher bis heute ver\u00e4ndert hat. Neben den Maschinenpr\u00e4sentationen bietet das Dreschfest auch zahlreiche Attraktionen f\u00fcr Familien und Kinder. Ein umfangreiches Kinderprogramm mit Spiel, Spa\u00df und Mitmachaktionen sorgt daf\u00fcr, dass auch die j\u00fcngsten G\u00e4ste auf ihre Kosten kommen. Erg\u00e4nzt wird das Fest durch Vorf\u00fchrungen, Erlebnisse f\u00fcr die ganze Familie sowie ein Angebot regionaler Speisen und Getr\u00e4nke. Die offizielle Er\u00f6ffnung und Begr\u00fc\u00dfung beginnt um 11 Uhr. Die Dreschvorf\u00fchrungen starten ab 13 Uhr. Die Veranstalter m\u00f6chten mit dem Dreschfest nicht nur landwirtschaftliche Traditionen bewahren, sondern auch generations\u00fcbergreifend Einblicke in die Geschichte und Gegenwart der Landwirtschaft vermitteln. Unterst\u00fctzt wird die Veranstaltung vom Landwirtschaftlichen Verein Loccum sowie vom D\u00f6rpverein M\u00fcnchehagen.<\/p>\n<p>[\/et_pb_text][et_pb_image src=&#8220;http:\/\/www.d\u00f6rpverein-mhg.de\/wp-content\/uploads\/2026\/06\/Dreschfest-2026-169.png&#8220; _builder_version=&#8220;4.21.0&#8243; _module_preset=&#8220;default&#8220; global_colors_info=&#8220;{}&#8220;][\/et_pb_image][et_pb_image src=&#8220;http:\/\/www.d\u00f6rpverein-mhg.de\/wp-content\/uploads\/2022\/08\/Dreschfest.jpg&#8220; _builder_version=&#8220;4.19.4&#8243; _module_preset=&#8220;default&#8220; animation_style=&#8220;fade&#8220; global_colors_info=&#8220;{}&#8220;][\/et_pb_image][\/et_pb_column][\/et_pb_row][et_pb_row _builder_version=&#8220;4.19.4&#8243; _module_preset=&#8220;default&#8220; global_colors_info=&#8220;{}&#8220;][et_pb_column type=&#8220;4_4&#8243; _builder_version=&#8220;4.19.4&#8243; _module_preset=&#8220;default&#8220; global_colors_info=&#8220;{}&#8220;][et_pb_video src=&#8220;https:\/\/www.youtube.com\/watch?v=GjL5AxxMoTk&#8220; src_webm=&#8220;https:\/\/www.youtube.com\/watch?v=GjL5AxxMoTk&#8220; _builder_version=&#8220;4.21.0&#8243; _module_preset=&#8220;default&#8220; global_colors_info=&#8220;{}&#8220;][\/et_pb_video][\/et_pb_column][\/et_pb_row][\/et_pb_section][et_pb_section fb_built=&#8220;1&#8243; admin_label=&#8220;About Section&#8220; _builder_version=&#8220;4.16&#8243; background_color=&#8220;#f1f7e6&#8243; custom_padding=&#8220;0|0px|0|0px|true|false&#8220; global_colors_info=&#8220;{}&#8220;][et_pb_row admin_label=&#8220;About Row&#8220; _builder_version=&#8220;4.16&#8243; animation_style=&#8220;fade&#8220; use_custom_width=&#8220;on&#8220; global_colors_info=&#8220;{}&#8220;][et_pb_column type=&#8220;4_4&#8243; _builder_version=&#8220;4.16&#8243; custom_padding=&#8220;|||&#8220; global_colors_info=&#8220;{}&#8220; custom_padding__hover=&#8220;|||&#8220;][et_pb_text _builder_version=&#8220;4.16&#8243; text_font=&#8220;Lora||||||||&#8220; text_font_size=&#8220;26px&#8220; text_line_height=&#8220;1.8em&#8220; header_font=&#8220;||||||||&#8220; header_text_align=&#8220;left&#8220; header_2_font=&#8220;Lora|700|||||||&#8220; header_2_font_size=&#8220;50px&#8220; header_2_line_height=&#8220;1.5em&#8220; header_3_font=&#8220;Lora|700|||||||&#8220; header_3_font_size=&#8220;42px&#8220; header_3_line_height=&#8220;1.5em&#8220; header_5_font=&#8220;Oswald|||on|||||&#8220; header_5_text_color=&#8220;rgba(0,0,0,0.4)&#8220; header_5_font_size=&#8220;20px&#8220; header_5_letter_spacing=&#8220;3px&#8220; max_width_tablet=&#8220;&#8220; max_width_phone=&#8220;&#8220; max_width_last_edited=&#8220;on|desktop&#8220; custom_margin_tablet=&#8220;|70px||70px&#8220; custom_margin_phone=&#8220;|50px||50px&#8220; custom_margin_last_edited=&#8220;off|desktop&#8220; text_line_height_last_edited=&#8220;off|desktop&#8220; global_colors_info=&#8220;{}&#8220;]<\/p>\n<h5>SEIT 2022<\/h5>\n<p><strong>Die Dreschgemeinschaft M\u00fc-Lo l\u00e4dt am 23.07. zum ersten Dreschfest in die Schierstra\u00dfe in M\u00fcnchehagen ein<\/strong><\/p>\n<p>[\/et_pb_text][et_pb_text _builder_version=&#8220;4.16&#8243; text_font=&#8220;Lora||||||||&#8220; text_font_size=&#8220;18px&#8220; text_line_height=&#8220;1.8em&#8220; header_2_font=&#8220;Lora|700|||||||&#8220; header_2_font_size=&#8220;50px&#8220; header_2_line_height=&#8220;1.5em&#8220; header_5_font=&#8220;Oswald|||on|||||&#8220; header_5_text_color=&#8220;rgba(0,0,0,0.4)&#8220; header_5_font_size=&#8220;20px&#8220; header_5_letter_spacing=&#8220;3px&#8220; max_width_tablet=&#8220;&#8220; max_width_phone=&#8220;&#8220; max_width_last_edited=&#8220;on|phone&#8220; custom_margin_tablet=&#8220;|70px||70px&#8220; custom_margin_phone=&#8220;|50px||50px&#8220; custom_margin_last_edited=&#8220;off|desktop&#8220; text_line_height_last_edited=&#8220;off|desktop&#8220; global_colors_info=&#8220;{}&#8220;]<\/p>\n<p style=\"text-align: justify;\"><img loading=\"lazy\" decoding=\"async\" class=\"wp-image-72 size-medium alignright\" src=\"http:\/\/192.168.178.34\/wordpress\/wp-content\/uploads\/2018\/07\/Kirche_in_M\u00fcnchehagen_Rehburg-Loccum_IMG_7868-300x200.jpg\" alt=\"\" width=\"5\" height=\"3\" \/>Die f\u00fcr diese Veranstaltung ins Leben gerufene Dreschgemeinschaft setzt sich aus Interessenvertretern der Ortschaften Loccum und M\u00fcnchehagen zusammen. Federf\u00fchrend ist Landwirt Torsten Hormann, der bei der Veranstaltung durch das Programm f\u00fchren wird. Er\u00f6ffnet wird das Fest am Samstagmorgen um 11:00 Uhr. Nach einer kurzen Begr\u00fc\u00dfung werden verschiedene Epochen der Ernte vorgestellt und vorgef\u00fchrt. Von der Sense, bis zum GPS-gesteuerten M\u00e4hdrescher kann fast l\u00fcckenlos die Geschichte der Landwirtschaft hautnah erlebt werden. Auch f\u00fcr die Kinder wurde ein buntes Programm zusammengestellt. F\u00fcr das leibliche Wohl k\u00fcmmert sich die Feuerwehr aus Loccum. \u00a0Aus M\u00fcnchehagen sorgt die Feuerwehr und der D\u00f6rpverein f\u00fcr Kaffe &amp; Kuchen, sowie kalte Getr\u00e4nke. Interessierte Besucher sollten festes Schuhwerk dabei haben. Da die Ernte, damals wie heute, auch wetterabh\u00e4ngig ist, kann es bei schlechtem Wetter kurzfristig verschoben werden.<\/p>\n<p>[\/et_pb_text][\/et_pb_column][\/et_pb_row][et_pb_row _builder_version=&#8220;4.17.0&#8243; _module_preset=&#8220;default&#8220; global_colors_info=&#8220;{}&#8220;][et_pb_column type=&#8220;4_4&#8243; _builder_version=&#8220;4.17.0&#8243; _module_preset=&#8220;default&#8220; global_colors_info=&#8220;{}&#8220;][et_pb_text _builder_version=&#8220;4.16&#8243; text_font=&#8220;Lora||||||||&#8220; text_font_size=&#8220;18px&#8220; text_line_height=&#8220;1.8em&#8220; header_2_font=&#8220;Lora|700|||||||&#8220; header_2_font_size=&#8220;50px&#8220; header_2_line_height=&#8220;1.5em&#8220; header_5_font=&#8220;Oswald|||on|||||&#8220; header_5_text_color=&#8220;rgba(0,0,0,0.4)&#8220; header_5_font_size=&#8220;20px&#8220; header_5_letter_spacing=&#8220;3px&#8220; max_width_tablet=&#8220;&#8220; max_width_phone=&#8220;&#8220; max_width_last_edited=&#8220;on|phone&#8220; custom_margin_tablet=&#8220;|70px||70px&#8220; custom_margin_phone=&#8220;|50px||50px&#8220; custom_margin_last_edited=&#8220;off|desktop&#8220; custom_padding=&#8220;||0px|||&#8220; text_line_height_last_edited=&#8220;off|desktop&#8220; global_colors_info=&#8220;{}&#8220;]<\/p>\n<p style=\"text-align: justify;\"><img loading=\"lazy\" decoding=\"async\" class=\"wp-image-72 size-medium alignright\" src=\"http:\/\/192.168.178.34\/wordpress\/wp-content\/uploads\/2018\/07\/Kirche_in_M\u00fcnchehagen_Rehburg-Loccum_IMG_7868-300x200.jpg\" alt=\"\" width=\"5\" height=\"3\" \/><\/p>\n<p>Mitten ins Irgendwo M\u00fcnchehagens und gen Loccums Kreuzhorst seid Ihr f\u00fcr Sonnabend, 23. Juli, eingeladen. Neun Kumpels haben sich zusammengetan, Pl\u00e4ne geschmiedet und erwarten Euch zu ihrem Dreschfest.<\/p>\n<p>Die Wegbeschreibung kommt zuerst: Fahrt in M\u00fcnchehagen in die Schierstra\u00dfe, folgt ihr unbeirrt bis zu den beiden lachenden Strohpuppen, fahrt 200 Meter weiter auf der Stra\u00dfe \u2013 dann seid Ihr da.<\/p>\n<p>Was Euch dort erwartet? Torsten und Marian, Daniel, Jan, Torben, Dennis, Martin, Stephan und Markus wollen zwei wogende Weizenfelder ernten. Mit Technik aus 150 Jahren. Angefangen bei der Sense \u2013 die Torstens Sohn Jonas schon mal probehalber schwingt \u2013 bis hin zur modernsten Dreschmaschine.<\/p>\n<p>\u201eMal wieder was machen\u201c wollten die neun M\u00e4nner sowieso und begeistert von Landwirtschaft sind sie alle. Also gaben sie sich den Namen \u201eDreschgemeinschaft M\u00fc-Lo\u201c (f\u00fcr M\u00fcnchehagen und Loccum, was an sich doch selbsterkl\u00e4rend ist \ud83d\ude09) und holten sich weitere Freunde und Bekannte ins Boot:<\/p>\n<p>Den M\u00f6nkeh\u00e4ger D\u00f6rpverein, der mit einer historischen Dreschmaschine anr\u00fcckt, Friedrich Kallendorf, der den Jungs mit seinen 86 Jahren mal klar machen will, wie eine Sense geschwungen werden muss, Loccums Feuerwehr, die den Grill anwirft, M\u00fcnchehagens Feuerwehr, die schon mal die Getr\u00e4nke k\u00fchl stellt, Loccums Landwirtschaftlichen Verein, der eine alte M\u00fchle im Schlepptau hat und vorf\u00fchren will, wie Korn zu Mehl wird.<\/p>\n<p>An einer Strohburg arbeiten die neun Freunde noch \u2013 und hoffen in erster Linie auf Sonnenschein am kommenden Samstag!<\/p>\n<p>Beginn ist um 11 Uhr, gedroschen wird um 12, 14 und 16 Uhr.<\/p>\n<p>Sollte daraus nichts werden, haben sie die Pl\u00e4ne B, C und D in der Hinterhand: Bei angesagtem Regen verlegen sie ihr Dreschfest kurzfristig auf Sonntag, 24. Juli. Es regnet immer noch? Dann wird am Samstag, 30. Juli, gedroschen. Die letzte Chance auf gutes Erntewetter geben sie sich f\u00fcr Sonntag, 31. Juli. Also irgendwann im Irgendwo!<\/p>\n<p>[\/et_pb_text][\/et_pb_column][\/et_pb_row][et_pb_row _builder_version=&#8220;4.17.0&#8243; _module_preset=&#8220;default&#8220; global_colors_info=&#8220;{}&#8220;][et_pb_column type=&#8220;4_4&#8243; _builder_version=&#8220;4.17.0&#8243; _module_preset=&#8220;default&#8220; global_colors_info=&#8220;{}&#8220;][et_pb_image src=&#8220;http:\/\/www.d\u00f6rpverein-mhg.de\/wp-content\/uploads\/2022\/07\/Dreschfest-regenbogen-1.jpg&#8220; _builder_version=&#8220;4.17.0&#8243; _module_preset=&#8220;default&#8220; global_colors_info=&#8220;{}&#8220;][\/et_pb_image][\/et_pb_column][\/et_pb_row][\/et_pb_section][et_pb_section fb_built=&#8220;1&#8243; _builder_version=&#8220;4.21.0&#8243; _module_preset=&#8220;default&#8220; global_colors_info=&#8220;{}&#8220;][\/et_pb_section]<\/p>\n","protected":false},"excerpt":{"rendered":"<p>Dreschfest in M\u00fcnchehagen begeistert viele Besucher mit Landwirtschaft zum Anfassen M\u00fcnchehagen. Besser h\u00e4tten die Bedingungen kaum sein k\u00f6nnen: Bei strahlendem Sonnenschein und bestem Erntewetter lockte das Dreschfest der Dreschgemeinschaft M\u00fc-Lo am Samstag, 01.08. zahlreiche Besucher auf das Veranstaltungsgel\u00e4nde. Mit einem unerwartet gro\u00dfen Besucherandrang entwickelte sich die Veranstaltung zu einem vollen Erfolg und zeigte eindrucksvoll, wie [&hellip;]<\/p>\n","protected":false},"author":1,"featured_media":0,"parent":0,"menu_order":0,"comment_status":"closed","ping_status":"closed","template":"","meta":{"_et_pb_use_builder":"on","_et_pb_old_content":"","_et_gb_content_width":"","footnotes":""},"class_list":["post-1009","page","type-page","status-publish","hentry"],"_links":{"self":[{"href":"http:\/\/www.d\u00f6rpverein-mhg.de\/index.php?rest_route=\/wp\/v2\/pages\/1009","targetHints":{"allow":["GET"]}}],"collection":[{"href":"http:\/\/www.d\u00f6rpverein-mhg.de\/index.php?rest_route=\/wp\/v2\/pages"}],"about":[{"href":"http:\/\/www.d\u00f6rpverein-mhg.de\/index.php?rest_route=\/wp\/v2\/types\/page"}],"author":[{"embeddable":true,"href":"http:\/\/www.d\u00f6rpverein-mhg.de\/index.php?rest_route=\/wp\/v2\/users\/1"}],"replies":[{"embeddable":true,"href":"http:\/\/www.d\u00f6rpverein-mhg.de\/index.php?rest_route=%2Fwp%2Fv2%2Fcomments&post=1009"}],"version-history":[{"count":31,"href":"http:\/\/www.d\u00f6rpverein-mhg.de\/index.php?rest_route=\/wp\/v2\/pages\/1009\/revisions"}],"predecessor-version":[{"id":2413,"href":"http:\/\/www.d\u00f6rpverein-mhg.de\/index.php?rest_route=\/wp\/v2\/pages\/1009\/revisions\/2413"}],"wp:attachment":[{"href":"http:\/\/www.d\u00f6rpverein-mhg.de\/index.php?rest_route=%2Fwp%2Fv2%2Fmedia&parent=1009"}],"curies":[{"name":"wp","href":"https:\/\/api.w.org\/{rel}","templated":true}]}}